{"id":4690,"date":"2023-12-27T01:18:44","date_gmt":"2023-12-27T00:18:44","guid":{"rendered":"https:\/\/sportsmed.berlin\/?page_id=4690"},"modified":"2026-04-20T23:13:54","modified_gmt":"2026-04-20T21:13:54","slug":"datenschutz","status":"publish","type":"page","link":"https:\/\/sportsmed.berlin\/en\/datenschutz\/","title":{"rendered":"Pri\u00adva\u00adcy poli\u00adcy"},"content":{"rendered":"\t\t<div data-elementor-type=\"wp-page\" data-elementor-id=\"4690\" class=\"elementor elementor-4690\" data-elementor-post-type=\"page\">\n\t\t\t\t<div class=\"elementor-element elementor-element-ea46667 e-con-full e-flex e-con e-parent\" data-id=\"ea46667\" data-element_type=\"container\" data-e-type=\"container\">\n\t\t<div class=\"elementor-element elementor-element-b1aab57 e-con-full e-flex e-con e-child\" data-id=\"b1aab57\" data-element_type=\"container\" data-e-type=\"container\">\n\t\t\t\t<div class=\"elementor-element elementor-element-8ef4499 elementor-widget elementor-widget-heading\" data-id=\"8ef4499\" data-element_type=\"widget\" data-e-type=\"widget\" data-widget_type=\"heading.default\">\n\t\t\t\t<div class=\"elementor-widget-container\">\n\t\t\t\t\t<h2 class=\"elementor-heading-title elementor-size-default\">Datenschutz <\/h2>\t\t\t\t<\/div>\n\t\t\t\t<\/div>\n\t\t\t\t<div class=\"elementor-element elementor-element-d5e693d elementor-widget elementor-widget-spacer\" data-id=\"d5e693d\" data-element_type=\"widget\" data-e-type=\"widget\" data-widget_type=\"spacer.default\">\n\t\t\t\t<div class=\"elementor-widget-container\">\n\t\t\t\t\t\t\t<div class=\"elementor-spacer\">\n\t\t\t<div class=\"elementor-spacer-inner\"><\/div>\n\t\t<\/div>\n\t\t\t\t\t\t<\/div>\n\t\t\t\t<\/div>\n\t\t\t\t<div class=\"elementor-element elementor-element-d25d051 elementor-invisible elementor-widget elementor-widget-text-editor\" data-id=\"d25d051\" data-element_type=\"widget\" data-e-type=\"widget\" data-settings=\"{&quot;_animation&quot;:&quot;fadeIn&quot;,&quot;_animation_delay&quot;:300}\" data-widget_type=\"text-editor.default\">\n\t\t\t\t<div class=\"elementor-widget-container\">\n\t\t\t\t\t\t\t\t\t<div class=\"ct-container-full\" data-content=\"narrow\" data-vertical-spacing=\"top:bottom\"><article id=\"post-1649\" class=\"post-1649 page type-page status-publish hentry\"><div class=\"entry-content\"><div class=\"wp-block-ugb-container ugb-container ugb-container--width-small ugb-f873da7 ugb-container--v2 ugb-container--design-plain ugb-main-block ugb--has-custom-content-width\"><div class=\"ugb-inner-block\"><div class=\"ugb-block-content\"><div class=\"ugb-container__wrapper ugb-f873da7-wrapper\"><div class=\"ugb-container__side\"><div class=\"ugb-container__content-wrapper ugb-f873da7-content-wrapper\"><ol><li><em><strong>Zielsetzung und verantwortliche Stelle<\/strong><\/em><br \/><strong>1.1.\u00a0<\/strong>Diese Datenschutzerkl\u00e4rung kl\u00e4rt \u00fcber die Art, den Umfang und Zweck der Erhebung und Verwendung von Daten sowie Verwendung von Cookies innerhalb unserer Webseite und unseres Onlineangebotes auf.<br \/>Verantwortlich f\u00fcr die Datenverarbeitung ist:<br \/>sportsmed.berlin<br \/>Dr. med. Martin Bartsch &amp; Dr. med. Pouria Taheri<br \/>Markgrafenstra\u00dfe 19<br \/>10969 Berlin <br \/>Tel.: \u00a0(030) 251 07 77<br \/>Fax: \u00a0(030) 251 10 49<br \/>E\u2011Mail: \u00a0<a href=\"mailto:info@sportsmed.berlin\">info@sportsmed.berlin<\/a><br \/><strong>1.2.\u00a0<\/strong>Die rechtlichen Grundlagen des Datenschutzes finden sich in der Europ\u00e4ischen Datenschutzgrundverordnung (EU-DSGVO), im Bundesdatenschutzgesetz (BDSG-neu) und dem Telemediengesetz (TMG).<\/li><\/ol><ol class=\"is-style-styled is-style-styled-ready\" start=\"2\"><li><em><strong>Grunds\u00e4tzliche Angaben zur Datenverarbeitung<\/strong><\/em><br \/><strong>2.1.<\/strong>\u00a0Wir erheben, verarbeiten und nutzen personenbezogene Daten der Nutzer nur unter Einhaltung der einschl\u00e4gigen Datenschutzbestimmungen. Das bedeutet, die Daten der Nutzer werden nur beim Vorliegen einer gesetzlichen Notwendigkeit oder Vorliegen einer Einwilligung verwendet.<br \/><strong>2.2.\u00a0<\/strong>Wir treffen organisatorische, vertragliche und technische Sicherheitsma\u00dfnahmen, um sicher zu stellen, dass die Vorschriften der Datenschutzgesetze eingehalten werden und um damit die durch uns verwalteten Daten gegen zuf\u00e4llige oder vors\u00e4tzliche Manipulationen, Verlust, Zerst\u00f6rung oder gegen den Zugriff unberechtigter Personen zu sch\u00fctzen<\/li><\/ol><ul class=\"is-style-styled is-style-styled-ready\"><li><strong>Die Ausf\u00fchrung unserer Dienste\u2011, Service- und Nutzerleistungen.<\/strong><ul><li>Die Gew\u00e4hrleistung einen effektiven Kundenservice. Bei Kontaktaufnahme mit uns werden die Angaben zwecks Bearbeitung der Anfrage sowie f\u00fcr den Fall, dass Anschlussfragen entstehen, gespeichert.<\/li><li>Versand von Newslettern oder anderem Werbematerial, vorausgesetzt der Empf\u00e4nger hat uns eine entsprechende Einwilligung erteilt.<\/li><li>Wir leiten die Daten an Dritte weiter, wenn dies f\u00fcr die Leistungserf\u00fcllung oder Abrechnungszwecke oder sonst notwendig ist, um unsere vertraglichen Pflichten den Nutzern gegen\u00fcber zu erf\u00fcllen.<\/li><\/ul><\/li><\/ul><ol class=\"is-style-styled is-style-styled-ready\" start=\"3\"><li><em><strong>Online-Terminbuchung<br \/><\/strong><\/em>Wir bieten Patienten die M\u00f6glichkeit, \u00fcber unsere Webseite und \u00fcber das Portal\u00a0<a href=\"http:\/\/www.doctolib.de\/\">www.doctolib.de<\/a>\u00a0online einen Termin f\u00fcr unsere Sprechstunde zu buchen. Dazu nutzen wir den Dienst des Unternehmens Doctolib GmbH, Mehringdamm 51, 10961 Berlin.Das System stellt Ihnen freie Zeiten in unserem Terminkalender zur Verf\u00fcgung.<br \/><strong>3.1<\/strong>\u00a0Um den Service nutzen zu k\u00f6nnen, ist es erforderlich, dass Sie bestimmte personenbezogene Daten eingeben und der aktuellen Datenschutzerkl\u00e4rung von Doctolib GmbH im Verlauf der Terminbuchung zustimmen.<br \/><strong>3.2\u00a0<\/strong>Wichtig ist:<br \/>Ihre in das Formular eingegebenen Daten werden ausschlie\u00dflich zum Zweck der Terminvereinbarung und f\u00fcr die \u00dcbermittlung von terminrelevanten Informationen (z.B. eine Terminerinnerung) an Doctolib GmbH weitergeleitet, dort verarbeitet und automatisch an uns \u00fcbermittelt.<br \/>Eine Weitergabe der Daten durch Doctolib GmbH an Dritte f\u00fcr Werbung oder sonstige kommerzielle Zwecke ist ausgeschlossen. Der Service von Doctolib GmbH verwendet keine Cookies. Eine automatische Wiedererkennung bei einer sp\u00e4teren Benutzung ist nicht vorgesehen. Bitte beachten Sie dazu auch die Datenschutzerkl\u00e4rung von Doctolib GmbH\u00a0<a href=\"https:\/\/info.doctolib.de\/datenschutzerklaerung\/\">https:\/\/info.doctolib.de\/datenschutzerklaerung\/<\/a><\/li><li><strong><em>Erhebung von Zugriffsdaten<\/em><br \/>4.1<\/strong>\u00a0Wir erheben Daten \u00fcber jeden Zugriff auf den Server, auf dem sich dieses Angebot befindet (so genannte Serverlogfiles). Zu den Zugriffsdaten geh\u00f6ren Name der abgerufenen Webseite, Datei, Datum und Uhrzeit des Abrufs, \u00fcbertragene Datenmenge, Meldung \u00fcber erfolgreichen Abruf, Browsertyp nebst Version, das Betriebssystem des Nutzers, Referrer URL (die zuvor besuchte Seite), IP-Adresse und der anfragende Provider.<br \/><strong>4.2.<\/strong> Wir verwenden die Protokolldaten ohne Zuordnung zur Person des Nutzers oder sonstiger Profilerstellung entsprechend den gesetzlichen Bestimmungen nur f\u00fcr statistische Auswertungen zum Zweck des Betriebs, der Sicherheit und der Optimierung des Angebotes. Wir behalten uns jedoch vor, die Protokolldaten nachtr\u00e4glich zu \u00fcberpr\u00fcfen, wenn aufgrund konkreter Anhaltspunkte der berechtigte Verdacht einer rechtswidrigen Nutzung besteht.<\/li><\/ol><ol class=\"is-style-styled is-style-styled-ready\" start=\"5\"><li><em><strong>Datenschutzerkl\u00e4rung f\u00fcr Social-Media-Kan\u00e4le \u2013 <\/strong><\/em><strong><em>Zweck, Kategorien von personenbezogenen Daten, Rechtsgrundlagen und Aufbewahrung<\/em><br \/><\/strong>Wir sind auf den folgenden Social-Media-Plattformen mit unseren Kan\u00e4len vertreten. Mittels Social-Media-Kan\u00e4le wollen wir Sie \u00fcber Themen informieren, die f\u00fcr unsere Gesch\u00e4ftst\u00e4tigkeiten relevant sind. Mit dieser Datenschutzerkl\u00e4rung wollen wir Sie \u00fcber die Anbieter der Plattformen, die Erfassung personenbezogener Daten und Ihre Rechte bez\u00fcglich des Datenschutzes informieren. In folgender Auflistung finden Sie Zwecke sowie Kategorien der Datenverarbeitung unserer eigenen Social-Media-Kan\u00e4le.\u00a0<br \/><strong>5.1. <em>Kategorien Ihrer personenbezogenen Daten, Verantwortlichkeiten und Zwecke der Datenverarbeitung<\/em><\/strong><br \/>Wir nutzen die Statistik-Services von den entsprechenden Social-Media-Plattformen, um unsere Social-Media-Kan\u00e4le weiterzuentwickeln und zu optimieren. Die Statistik-Services sammeln Daten \u00fcber die Nutzung unserer Social-Media-Kan\u00e4le und stellen sie uns als statistische Informationen zur Verf\u00fcgung. Hierdurch erhalten wir Einblicke in Aktivit\u00e4ten und die Anzahl der Social-Media-Kanal Besuche, die Reichweite unserer Bekanntmachungen auf Facebook, Nutzung und Dauer der Nutzung der Multimedia-Inhalte auf unserer Website, geostatistische Informationen \u00fcber unsere Social-Media-Kanal Besucher sowie die prozentuale Verteilung des Geschlechts der Besucher. Unsere M\u00f6glichkeit, auf Profile bestimmter Nutzer zuzugreifen, ist durch die Datenschutzeinstellungen des jeweiligen Nutzers, der unserem Social-Media-Kanal folgt, auf der jeweiligen Social-Media-Plattform begrenzt. Wir k\u00f6nnen Ihre Profilinformationen f\u00fcr interne Berichte zu bestimmten Kampagnen verwenden. Die Verwendung Ihrer Profilinformationen ist auf die Informationen beschr\u00e4nkt, die Sie auf Ihrem Social-MediaProfil \u00f6ffentlich verf\u00fcgbar gemacht haben, z. B. Ihr Name, Nutzername, Geschlecht, Netzwerk von Freunden, Altersgruppe, geostatistische Informationen und andere von Ihnen ver\u00f6ffentlichte Informationen. Dar\u00fcber hinaus speichern wir Ihren Nutzernamen als personenbezogenes Datum immer dann, wenn Sie sich in Form einer Direktnachricht an uns wenden.\u00a0<br \/><strong>5.2. Facebook\u00a0<\/strong>Wenn Sie unserer Facebook Fanpage besuchen, werden Daten \u00fcber Ihren Besuch von Facebook Ltd., 4. Grand Canal Square, Grand Canal Harbour, Dublin 2, Irland auf Grundlage einer Vereinbarung \u00fcber gemeinsame Verarbeitung personenbezogener Daten verarbeitet, abrufbar unter:\u00a0<a href=\"https:\/\/www.facebook.com\/legal\/terms\/page_controller_addendum\">https:\/\/www.facebook.com\/legal\/terms\/page_controller_addendum<\/a>\u00a0Facebook verarbeitet personenbezogene Daten entsprechend der Datenrichtlinie, abrufbar unter:\u00a0<a href=\"https:\/\/www.facebook.com\/privacy\/explanation\">https:\/\/www.facebook.com\/privacy\/explanation<\/a>\u00a0Sie beinhaltet Kontaktdaten f\u00fcr Datenschutzanfragen und Betroffenenanfragen unter:\u00a0<a href=\"https:\/\/www.facebook.com\/help\/contact\/540977946302970\">https:\/\/www.facebook.com\/help\/contact\/540977946302970<\/a><br \/>Opt-out:\u00a0<a href=\"https:\/\/www.facebook.com\/settings?tab=ads\">https:\/\/www.facebook.com\/settings?tab=ads<\/a>\u00a0and\u00a0<a href=\"http:\/\/www.youronlinechoices.com\/\">http:\/\/www.youronlinechoices.com<\/a>\u00a0Privacy Shield:\u00a0<a href=\"https:\/\/www.privacyshield.gov\/participant?id=a2zt0000000GnywAAC&amp;status=Active%C2%A0\">https:\/\/www.privacyshield.gov\/participant?id=a2zt0000000GnywAAC&amp;status=Active\u00a0<\/a><br \/><strong>5.3. <em>Google und YouTube<\/em><br \/><\/strong>Wenn Sie einen Unserer YouTube-Kan\u00e4le oder Google+ Fanpages besuchen, werden Daten \u00fcber Ihren Besuch verarbeitet durch: Google LLC, Amphitheatre Parkway, Mountain View, CA 94043, USA Google verarbeitet personenbezogene Daten entsprechend der Datenschutzerkl\u00e4rung; abrufbar unter: https:\/\/policies.google.com\/privacy Die Datenschutzerkl\u00e4rung beinhaltet Kontaktdaten f\u00fcr Datenschutzanfragen und Betroffenenanfragen verf\u00fcgbar unter:\u00a0<a href=\"https:\/\/support.google.com\/policies\/troubleshooter\/7575787\">https:\/\/support.google.com\/policies\/troubleshooter\/7575787<\/a><br \/>Opt-Out:\u00a0<a href=\"https:\/\/adssettings.google.com\/authenticated\">https:\/\/adssettings.google.com\/authenticated<\/a><br \/>Privacy Shield:\u00a0<a href=\"https:\/\/www.privacyshield.gov\/participant?id=a2zt000000001L5AAI&amp;status=Active\">https:\/\/www.privacyshield.gov\/participant?id=a2zt000000001L5AAI&amp;status=Active<\/a><br \/><strong>5.4.<\/strong>\u00a0<em><strong>LinkedIn<\/strong><\/em>\u00a0Wenn Sie einen Unserer LinkedIn Kan\u00e4le verwenden, werden Daten \u00fcber Ihren Besuch verarbeitet durch: LinkedIn Ireland Unlimited Company, Wilton Place, Dublin 2, Irland\u00a0<br \/>LinkedIn<strong>\u00a0<\/strong>verarbeitet personenbezogene Daten entsprechend ihrer Datenschutzrichtlinie; abrufbar unter:\u00a0<a href=\"https:\/\/www.linkedin.com\/legal\/privacy-policy?trk=uno-reg-guest-home-privacy-policy\">https:\/\/www.linkedin.com\/legal\/privacy-policy?trk=uno-reg-guest-home-privacy-policy<\/a>\u00a0Die Datenschutzrichtlinie beinhaltet Kontaktdaten f\u00fcr Datenschutzanfragen und Betroffenenanfragen verf\u00fcgbar unter:\u00a0<a href=\"https:\/\/www.linkedin.com\/help\/linkedin\/ask\/TSO-DPO\">https:\/\/www.linkedin.com\/help\/linkedin\/ask\/TSO-DPO<\/a><br \/>Opt-Out:\u00a0<a href=\"https:\/\/www.linkedin.com\/psettings\/guest-controls\/retargeting-opt-out\">https:\/\/www.linkedin.com\/psettings\/guest-controls\/retargeting-opt-out<\/a><br \/>Privacy Shield:\u00a0<a href=\"https:\/\/www.privacyshield.gov\/participant?id=a2zt0000000L0UZAA0&amp;status=Active\">https:\/\/www.privacyshield.gov\/participant?id=a2zt0000000L0UZAA0&amp;status=Active<\/a>\u00a0<br \/><strong>5.5. <em>Instagram<\/em>\u00a0<\/strong>Wenn Sie einen Unserer Instagram Kan\u00e4le besuchen, werden Daten \u00fcber Ihren Besuch der Seite verarbeitet durch: Facebook Ltd., 4. Grand Canal Square, Grand Canal Harbour, Dublin 2, Irland Instagram verarbeitet personenbezogene Daten entsprechend ihrer Datenschutzrichtlinie; abrufbar unter:\u00a0<a href=\"https:\/\/help.instagram.com\/519522125107875?helpref=page_content\">https:\/\/help.instagram.com\/519522125107875?helpref=page_content<\/a><br \/>Die Datenschutzrichtlinie beinhaltet Kontaktdaten f\u00fcr Datenschutzanfragen und Betroffenenanfragen verf\u00fcgbar unter:<br \/><a href=\"https:\/\/www.facebook.com\/help\/contact\/540977946302970\">https:\/\/www.facebook.com\/help\/contact\/540977946302970<\/a><\/li><\/ol><ol class=\"is-style-styled is-style-styled-ready\" start=\"6\"><li><strong><em>Cookies &amp; Reichweitenmessung<\/em><br \/>6.1.\u00a0<\/strong>Cookies sind Informationen, die von unserem Webserver oder Webservern Dritter an die Web-Browser der Nutzer \u00fcbertragen und dort f\u00fcr einen sp\u00e4teren Abruf gespeichert werden. \u00dcber den Einsatz von Cookies im Rahmen pseudonymer Reichweitenmessung werden die Nutzer im Rahmen dieser Datenschutzerkl\u00e4rung informiert.<br \/><strong>6.2.<\/strong>\u00a0Die Betrachtung unserer Website ist auch unter Ausschluss von Cookies m\u00f6glich. Falls die Nutzer nicht m\u00f6chten, dass Cookies auf ihrem Rechner gespeichert werden, werden sie gebeten die entsprechende Option in den Systemeinstellungen ihres Browsers zu deaktivieren. Gespeicherte Cookies k\u00f6nnen in den Systemeinstellungen des Browsers gel\u00f6scht werden. Der Ausschluss von Cookies kann zu Funktionseinschr\u00e4nkungen dieses Angebotes f\u00fchren.<br \/>Wenn du unsere Website das erste Mal besuchst, zeigen wir dir ein Pop-Up mit einer Erkl\u00e4rung \u00fcber Cookies. Sobald du auf \u201eEinstellungen speichern\u201c klickst, gibst du uns dein Einverst\u00e4ndnis, alle von dir gew\u00e4hlten Kategorien von Cookies und Plugins wie in dieser Cookie-Erkl\u00e4rung beschrieben zu verwenden. Du kannst die Verwendung von Cookies \u00fcber deinen Browser deaktivieren, aber bitte beachte, dass unsere Website dann unter Umst\u00e4nden nicht richtig funktioniert.<\/li><li><strong><em>Auskunft, Widerruf, \u00c4nderungen, Berichtigungen und Aktualisierungen<\/em><br \/>7.1.\u00a0<\/strong>Nutzer haben das Recht, auf Wunsch unentgeltlich Auskunft zu erhalten \u00fcber die personenbezogenen Daten, die von uns \u00fcber sie gespeichert wurden. Die Kontaktdaten sind dem Impressum zu entnehmen.<br \/><strong>7.2.<\/strong>\u00a0Zus\u00e4tzlich haben die Nutzer das Recht auf Berichtigung unrichtiger Daten, Widerruf von Einwilligungen, Sperrung und L\u00f6schung ihrer personenbezogenen Daten, soweit dem keine gesetzliche Aufbewahrungspflicht entgegensteht.<\/li><li><strong><em>\u00c4nderungen der Datenschutzerkl\u00e4rung<\/em><br \/>8.1.<\/strong>\u00a0Wir behalten uns vor, die Datenschutzerkl\u00e4rung zu \u00e4ndern, um sie an ge\u00e4nderte Rechtslagen, oder bei \u00c4nderungen des Dienstes sowie der Datenverarbeitung anzupassen.<br \/><strong>8.2<\/strong>. Die Nutzer werden daher gebeten sich regelm\u00e4\u00dfig \u00fcber deren Inhalt zu informieren.<\/li><li><em><strong>Datenschutzbeauftragter<br \/><\/strong><\/em>Protekto Data Fuse GmbH<br \/>Herr Kent Schwirz<br \/>Ballindamm 3<br \/>20095 Hamburg<br \/>Kontakt: +49 40 42 23 69 24<br \/>E\u2011Mail:\u00a0<a href=\"mailto:datenschutz@protekto.de\">datenschutz@protekto.de<\/a><\/li><\/ol><\/div><\/div><\/div><\/div><\/div><\/div><h2>\u00a0<\/h2><\/div><\/article><\/div><footer class=\"ct-footer\" data-id=\"type-1\"><div data-row=\"top\"><div class=\"ct-container\"><div data-column=\"socials\"><div class=\"ct-footer-socials\" data-id=\"socials\"><div class=\"ct-social-box\" data-icon-size=\"custom\" data-color=\"custom\" data-icons-type=\"simple\">\u00a0<\/div><\/div><\/div><\/div><\/div><\/footer>\t\t\t\t\t\t\t\t<\/div>\n\t\t\t\t<\/div>\n\t\t\t\t<\/div>\n\t\t\t\t<\/div>\n\t\t<div class=\"elementor-element elementor-element-cf700b1 elementor-hidden-mobile elementor-hidden-widescreen elementor-hidden-desktop elementor-hidden-laptop elementor-hidden-tablet_extra elementor-hidden-tablet elementor-hidden-mobile_extra e-flex e-con-boxed e-con e-parent\" data-id=\"cf700b1\" data-element_type=\"container\" data-e-type=\"container\">\n\t\t\t\t\t<div class=\"e-con-inner\">\n\t\t\t\t<div class=\"elementor-element elementor-element-852a26e elementor-widget__width-initial elementor-absolute elementor-widget elementor-widget-spacer\" data-id=\"852a26e\" data-element_type=\"widget\" data-e-type=\"widget\" data-settings=\"{&quot;_position&quot;:&quot;absolute&quot;,&quot;motion_fx_motion_fx_scrolling&quot;:&quot;yes&quot;,&quot;motion_fx_blur_effect&quot;:&quot;yes&quot;,&quot;motion_fx_blur_level&quot;:{&quot;unit&quot;:&quot;px&quot;,&quot;size&quot;:170,&quot;sizes&quot;:[]},&quot;motion_fx_blur_range&quot;:{&quot;unit&quot;:&quot;%&quot;,&quot;size&quot;:&quot;&quot;,&quot;sizes&quot;:{&quot;start&quot;:100,&quot;end&quot;:100}},&quot;motion_fx_blur_direction&quot;:&quot;out-in&quot;,&quot;motion_fx_devices&quot;:[&quot;widescreen&quot;,&quot;desktop&quot;,&quot;laptop&quot;,&quot;tablet_extra&quot;,&quot;tablet&quot;,&quot;mobile_extra&quot;,&quot;mobile&quot;]}\" data-widget_type=\"spacer.default\">\n\t\t\t\t<div class=\"elementor-widget-container\">\n\t\t\t\t\t\t\t<div class=\"elementor-spacer\">\n\t\t\t<div class=\"elementor-spacer-inner\"><\/div>\n\t\t<\/div>\n\t\t\t\t\t\t<\/div>\n\t\t\t\t<\/div>\n\t\t\t\t\t<\/div>\n\t\t\t\t<\/div>\n\t\t\t\t<\/div>\n\t\t","protected":false},"excerpt":{"rendered":"<p>Datenschutz Zielsetzung und verantwortliche Stelle1.1.\u00a0Diese Datenschutzerkl\u00e4rung kl\u00e4rt \u00fcber die Art, den Umfang und Zweck der Erhebung und Verwendung von Daten sowie Verwendung von Cookies innerhalb unserer Webseite und unseres Onlineangebotes auf.Verantwortlich f\u00fcr die Datenverarbeitung ist:sportsmed.berlinDr. med. Martin Bartsch &amp; Dr. med. Pouria TaheriMarkgrafenstra\u00dfe 1910969 Berlin Tel.: \u00a0(030) 251 07 77Fax: \u00a0(030) 251 10 49E\u2011Mail: \u00a0info@sportsmed.berlin1.2.\u00a0Die [&hellip;]<\/p>\n","protected":false},"author":1,"featured_media":0,"parent":0,"menu_order":0,"comment_status":"closed","ping_status":"closed","template":"","meta":{"inline_featured_image":false,"wp_typography_post_enhancements_disabled":false,"footnotes":""},"class_list":["post-4690","page","type-page","status-publish","hentry"],"yoast_head":"<!-- This site is optimized with the Yoast SEO plugin v27.3 - https:\/\/yoast.com\/product\/yoast-seo-wordpress\/ -->\n<title>Datenschutz | sportsmed.berlin<\/title>\n<meta name=\"description\" content=\"Erfahren Sie, wie sportsmed.berlin Ihre personenbezogenen Daten sch\u00fctzt. Unsere Datenschutzrichtlinie erkl\u00e4rt, wie wir Ihre Daten vertraulich behandeln. \ud83d\udd12\" \/>\n<meta name=\"robots\" content=\"index, follow, max-snippet:-1, max-image-preview:large, max-video-preview:-1\" \/>\n<link rel=\"canonical\" href=\"https:\/\/sportsmed.berlin\/en\/datenschutz\/\" \/>\n<meta property=\"og:locale\" content=\"en_GB\" \/>\n<meta property=\"og:type\" content=\"article\" \/>\n<meta property=\"og:title\" content=\"Datenschutz | sportsmed.berlin\" \/>\n<meta property=\"og:description\" content=\"Erfahren Sie, wie sportsmed.berlin Ihre personenbezogenen Daten sch\u00fctzt. Unsere Datenschutzrichtlinie erkl\u00e4rt, wie wir Ihre Daten vertraulich behandeln. \ud83d\udd12\" \/>\n<meta property=\"og:url\" content=\"https:\/\/sportsmed.berlin\/en\/datenschutz\/\" \/>\n<meta property=\"og:site_name\" content=\"sportsmed.berlin\" \/>\n<meta property=\"article:publisher\" content=\"https:\/\/www.facebook.com\/sportsmed.berlin\/\" \/>\n<meta property=\"article:modified_time\" content=\"2026-04-20T21:13:54+00:00\" \/>\n<meta property=\"og:image\" content=\"https:\/\/sportsmed.berlin\/wp-content\/uploads\/2023\/12\/sportsmed.berlin-wlogo-CENTERED-subline-BLUE-WHITE-Kopie.jpg\" \/>\n\t<meta property=\"og:image:width\" content=\"1080\" \/>\n\t<meta property=\"og:image:height\" content=\"1080\" \/>\n\t<meta property=\"og:image:type\" content=\"image\/jpeg\" \/>\n<meta name=\"twitter:card\" content=\"summary_large_image\" \/>\n<meta name=\"twitter:label1\" content=\"Estimated reading time\" \/>\n\t<meta name=\"twitter:data1\" content=\"8 minutes\" \/>\n<script type=\"application\/ld+json\" class=\"yoast-schema-graph\">{\"@context\":\"https:\\\/\\\/schema.org\",\"@graph\":[{\"@type\":\"WebPage\",\"@id\":\"https:\\\/\\\/sportsmed.berlin\\\/datenschutz\\\/\",\"url\":\"https:\\\/\\\/sportsmed.berlin\\\/datenschutz\\\/\",\"name\":\"Datenschutz | sportsmed.berlin\",\"isPartOf\":{\"@id\":\"https:\\\/\\\/sportsmed.berlin\\\/#website\"},\"datePublished\":\"2023-12-27T00:18:44+00:00\",\"dateModified\":\"2026-04-20T21:13:54+00:00\",\"description\":\"Erfahren Sie, wie sportsmed.berlin Ihre personenbezogenen Daten sch\u00fctzt. Unsere Datenschutzrichtlinie erkl\u00e4rt, wie wir Ihre Daten vertraulich behandeln. \ud83d\udd12\",\"breadcrumb\":{\"@id\":\"https:\\\/\\\/sportsmed.berlin\\\/datenschutz\\\/#breadcrumb\"},\"inLanguage\":\"en-GB\",\"potentialAction\":[{\"@type\":\"ReadAction\",\"target\":[\"https:\\\/\\\/sportsmed.berlin\\\/datenschutz\\\/\"]}]},{\"@type\":\"BreadcrumbList\",\"@id\":\"https:\\\/\\\/sportsmed.berlin\\\/datenschutz\\\/#breadcrumb\",\"itemListElement\":[{\"@type\":\"ListItem\",\"position\":1,\"name\":\"Startseite\",\"item\":\"https:\\\/\\\/sportsmed.berlin\\\/\"},{\"@type\":\"ListItem\",\"position\":2,\"name\":\"Datenschutz\"}]},{\"@type\":\"WebSite\",\"@id\":\"https:\\\/\\\/sportsmed.berlin\\\/#website\",\"url\":\"https:\\\/\\\/sportsmed.berlin\\\/\",\"name\":\"sportsmed.berlin\",\"description\":\"Orthop\u00e4die &amp; Traumatologie Bartsch &amp; Taheri Berlin Kreuzberg\",\"publisher\":{\"@id\":\"https:\\\/\\\/sportsmed.berlin\\\/#organization\"},\"alternateName\":\"sportsmed.berlin\",\"potentialAction\":[{\"@type\":\"SearchAction\",\"target\":{\"@type\":\"EntryPoint\",\"urlTemplate\":\"https:\\\/\\\/sportsmed.berlin\\\/?s={search_term_string}\"},\"query-input\":{\"@type\":\"PropertyValueSpecification\",\"valueRequired\":true,\"valueName\":\"search_term_string\"}}],\"inLanguage\":\"en-GB\"},{\"@type\":\"Organization\",\"@id\":\"https:\\\/\\\/sportsmed.berlin\\\/#organization\",\"name\":\"sportsmed.berlin \u2013 Orthop\u00e4die & Traumatologie Bartsch & Taheri\",\"url\":\"https:\\\/\\\/sportsmed.berlin\\\/\",\"logo\":{\"@type\":\"ImageObject\",\"inLanguage\":\"en-GB\",\"@id\":\"https:\\\/\\\/sportsmed.berlin\\\/#\\\/schema\\\/logo\\\/image\\\/\",\"url\":\"https:\\\/\\\/sportsmed.berlin\\\/wp-content\\\/uploads\\\/2023\\\/12\\\/Favicon.svg\",\"contentUrl\":\"https:\\\/\\\/sportsmed.berlin\\\/wp-content\\\/uploads\\\/2023\\\/12\\\/Favicon.svg\",\"width\":512,\"height\":512,\"caption\":\"sportsmed.berlin \u2013 Orthop\u00e4die & Traumatologie Bartsch & Taheri\"},\"image\":{\"@id\":\"https:\\\/\\\/sportsmed.berlin\\\/#\\\/schema\\\/logo\\\/image\\\/\"},\"sameAs\":[\"https:\\\/\\\/www.facebook.com\\\/sportsmed.berlin\\\/\",\"https:\\\/\\\/www.instagram.com\\\/sportsmed.berlin\\\/\",\"https:\\\/\\\/www.linkedin.com\\\/company\\\/sportsmedberlin\\\/\",\"https:\\\/\\\/www.youtube.com\\\/@sportsmed.berlin\"]}]}<\/script>\n<!-- \/ Yoast SEO plugin. -->","yoast_head_json":{"title":"Daten\u00adschutz | sportsmed.berlin","description":"Erfah\u00adren Sie, wie sportsmed.berlin Ihre per\u00adso\u00adnen\u00adbe\u00adzo\u00adge\u00adnen Daten sch\u00fctzt. Unse\u00adre Daten\u00adschutz\u00adricht\u00adli\u00adnie erkl\u00e4rt, wie wir Ihre Daten ver\u00adtrau\u00adlich behan\u00addeln. \ud83d\udd12","robots":{"index":"index","follow":"follow","max-snippet":"max-snippet:-1","max-image-preview":"max-image-preview:large","max-video-preview":"max-video-preview:-1"},"canonical":"https:\/\/sportsmed.berlin\/en\/datenschutz\/","og_locale":"en_GB","og_type":"article","og_title":"Datenschutz | sportsmed.berlin","og_description":"Erfahren Sie, wie sportsmed.berlin Ihre personenbezogenen Daten sch\u00fctzt. Unsere Datenschutzrichtlinie erkl\u00e4rt, wie wir Ihre Daten vertraulich behandeln. \ud83d\udd12","og_url":"https:\/\/sportsmed.berlin\/en\/datenschutz\/","og_site_name":"sportsmed.berlin","article_publisher":"https:\/\/www.facebook.com\/sportsmed.berlin\/","article_modified_time":"2026-04-20T21:13:54+00:00","og_image":[{"width":1080,"height":1080,"url":"https:\/\/sportsmed.berlin\/wp-content\/uploads\/2023\/12\/sportsmed.berlin-wlogo-CENTERED-subline-BLUE-WHITE-Kopie.jpg","type":"image\/jpeg"}],"twitter_card":"summary_large_image","twitter_misc":{"Estimated reading time":"8 minutes"},"schema":{"@context":"https:\/\/schema.org","@graph":[{"@type":"WebPage","@id":"https:\/\/sportsmed.berlin\/datenschutz\/","url":"https:\/\/sportsmed.berlin\/datenschutz\/","name":"Daten\u00adschutz | sportsmed.berlin","isPartOf":{"@id":"https:\/\/sportsmed.berlin\/#website"},"datePublished":"2023-12-27T00:18:44+00:00","dateModified":"2026-04-20T21:13:54+00:00","description":"Erfah\u00adren Sie, wie sportsmed.berlin Ihre per\u00adso\u00adnen\u00adbe\u00adzo\u00adge\u00adnen Daten sch\u00fctzt. Unse\u00adre Daten\u00adschutz\u00adricht\u00adli\u00adnie erkl\u00e4rt, wie wir Ihre Daten ver\u00adtrau\u00adlich behan\u00addeln. \ud83d\udd12","breadcrumb":{"@id":"https:\/\/sportsmed.berlin\/datenschutz\/#breadcrumb"},"inLanguage":"en-GB","potentialAction":[{"@type":"ReadAction","target":["https:\/\/sportsmed.berlin\/datenschutz\/"]}]},{"@type":"BreadcrumbList","@id":"https:\/\/sportsmed.berlin\/datenschutz\/#breadcrumb","itemListElement":[{"@type":"ListItem","position":1,"name":"Startseite","item":"https:\/\/sportsmed.berlin\/"},{"@type":"ListItem","position":2,"name":"Datenschutz"}]},{"@type":"WebSite","@id":"https:\/\/sportsmed.berlin\/#website","url":"https:\/\/sportsmed.berlin\/","name":"sportsmed.berlin","description":"Ortho\u00adp\u00e4\u00addie &amp; Traumatologie Bartsch &amp; Tahe\u00adri Ber\u00adlin Kreuz\u00adberg","publisher":{"@id":"https:\/\/sportsmed.berlin\/#organization"},"alternateName":"sportsmed.berlin","potentialAction":[{"@type":"SearchAction","target":{"@type":"EntryPoint","urlTemplate":"https:\/\/sportsmed.berlin\/?s={search_term_string}"},"query-input":{"@type":"PropertyValueSpecification","valueRequired":true,"valueName":"search_term_string"}}],"inLanguage":"en-GB"},{"@type":"Organization","@id":"https:\/\/sportsmed.berlin\/#organization","name":"sportsmed.berlin \u2013 Ortho\u00adp\u00e4\u00addie &amp; Traumatologie Bartsch &amp; Tahe\u00adri","url":"https:\/\/sportsmed.berlin\/","logo":{"@type":"ImageObject","inLanguage":"en-GB","@id":"https:\/\/sportsmed.berlin\/#\/schema\/logo\/image\/","url":"https:\/\/sportsmed.berlin\/wp-content\/uploads\/2023\/12\/Favicon.svg","contentUrl":"https:\/\/sportsmed.berlin\/wp-content\/uploads\/2023\/12\/Favicon.svg","width":512,"height":512,"caption":"sportsmed.berlin \u2013 Orthop\u00e4die & Traumatologie Bartsch & Taheri"},"image":{"@id":"https:\/\/sportsmed.berlin\/#\/schema\/logo\/image\/"},"sameAs":["https:\/\/www.facebook.com\/sportsmed.berlin\/","https:\/\/www.instagram.com\/sportsmed.berlin\/","https:\/\/www.linkedin.com\/company\/sportsmedberlin\/","https:\/\/www.youtube.com\/@sportsmed.berlin"]}]}},"_links":{"self":[{"href":"https:\/\/sportsmed.berlin\/en\/wp-json\/wp\/v2\/pages\/4690","targetHints":{"allow":["GET"]}}],"collection":[{"href":"https:\/\/sportsmed.berlin\/en\/wp-json\/wp\/v2\/pages"}],"about":[{"href":"https:\/\/sportsmed.berlin\/en\/wp-json\/wp\/v2\/types\/page"}],"author":[{"embeddable":true,"href":"https:\/\/sportsmed.berlin\/en\/wp-json\/wp\/v2\/users\/1"}],"replies":[{"embeddable":true,"href":"https:\/\/sportsmed.berlin\/en\/wp-json\/wp\/v2\/comments?post=4690"}],"version-history":[{"count":23,"href":"https:\/\/sportsmed.berlin\/en\/wp-json\/wp\/v2\/pages\/4690\/revisions"}],"predecessor-version":[{"id":9172,"href":"https:\/\/sportsmed.berlin\/en\/wp-json\/wp\/v2\/pages\/4690\/revisions\/9172"}],"wp:attachment":[{"href":"https:\/\/sportsmed.berlin\/en\/wp-json\/wp\/v2\/media?parent=4690"}],"curies":[{"name":"wp","href":"https:\/\/api.w.org\/{rel}","templated":true}]}}